{"id":2087,"date":"2020-04-24T14:38:01","date_gmt":"2020-04-24T14:38:01","guid":{"rendered":"http:\/\/www.grupomananes.com\/hosteleria\/?page_id=2087"},"modified":"2021-02-24T16:58:07","modified_gmt":"2021-02-24T16:58:07","slug":"covid-19","status":"publish","type":"page","link":"https:\/\/www.grupomananes.com\/hosteleria\/covid-19\/","title":{"rendered":"Covid-19"},"content":{"rendered":"<p>[et_pb_section fb_built=\u00bb1&#8243; _builder_version=\u00bb3.22&#8243; custom_padding=\u00bb45.9091px|0px|0|0px|false|false\u00bb][et_pb_row _builder_version=\u00bb3.25&#8243; background_size=\u00bbinitial\u00bb background_position=\u00bbtop_left\u00bb background_repeat=\u00bbrepeat\u00bb][et_pb_column type=\u00bb4_4&#8243; _builder_version=\u00bb3.0.47&#8243; custom_padding=\u00bb|||\u00bb custom_padding__hover=\u00bb|||\u00bb][et_pb_text _builder_version=\u00bb4.4.2&#8243; text_font=\u00bbAdvent Pro||||||||\u00bb text_font_size=\u00bb30px\u00bb text_font_size_tablet=\u00bb40px\u00bb text_font_size_phone=\u00bb\u00bb text_font_size_last_edited=\u00bbon|phone\u00bb]<\/p>\n<p><span style=\"color: #c59c0e;\">Covid-19\u00a0<\/span><\/p>\n<p>[\/et_pb_text][\/et_pb_column][\/et_pb_row][\/et_pb_section][et_pb_section fb_built=\u00bb1&#8243; custom_padding_last_edited=\u00bbon|desktop\u00bb admin_label=\u00bbsection\u00bb _builder_version=\u00bb3.22&#8243; custom_padding=\u00bb0px|0px|50.5156px|0px\u00bb custom_padding_tablet=\u00bb0px|0|50px|0&#8243; custom_padding_phone=\u00bb0px|||\u00bb transparent_background=\u00bboff\u00bb][et_pb_row column_structure=\u00bb1_3,1_3,1_3&#8243; padding_mobile=\u00bboff\u00bb column_padding_mobile=\u00bbon\u00bb admin_label=\u00bbrow\u00bb _builder_version=\u00bb3.25&#8243; background_size=\u00bbinitial\u00bb background_position=\u00bbtop_left\u00bb background_repeat=\u00bbrepeat\u00bb custom_padding=\u00bb14px|0px|25.25px|0px\u00bb][et_pb_column type=\u00bb1_3&#8243; _builder_version=\u00bb3.0.47&#8243; custom_padding=\u00bb|||\u00bb custom_padding__hover=\u00bb|||\u00bb][et_pb_text _builder_version=\u00bb4.5.6&#8243; text_font=\u00bbAdvent Pro||||||||\u00bb text_font_size=\u00bb23px\u00bb background_size=\u00bbinitial\u00bb background_position=\u00bbtop_left\u00bb background_repeat=\u00bbrepeat\u00bb custom_margin=\u00bb||0px|\u00bb custom_padding=\u00bb30px||10px|\u00bb custom_padding_tablet=\u00bb||15px|\u00bb custom_padding_phone=\u00bb\u00bb custom_padding_last_edited=\u00bbon|phone\u00bb text_font_size_tablet=\u00bb33px\u00bb text_font_size_phone=\u00bb\u00bb text_font_size_last_edited=\u00bbon|tablet\u00bb z_index_tablet=\u00bb500&#8243;]<\/p>\n<p style=\"text-align: left;\">Limpiador desinfectante<\/p>\n<p style=\"text-align: left;\">[\/et_pb_text][et_pb_divider divider_position=\u00bbcenter\u00bb divider_weight=\u00bb3&#8243; _builder_version=\u00bb3.2&#8243; max_width=\u00bb20%\u00bb module_alignment=\u00bbleft\u00bb]<br \/>\n[\/et_pb_divider][et_pb_image src=\u00bbhttps:\/\/www.grupomananes.com\/hosteleria\/wp-content\/uploads\/2020\/08\/Asepvix-1.jpg\u00bb title_text=\u00bbAsepvix\u00bb show_in_lightbox=\u00bbon\u00bb align_tablet=\u00bbcenter\u00bb align_phone=\u00bb\u00bb align_last_edited=\u00bbon|desktop\u00bb module_class=\u00bbgq-module-hover\u00bb _builder_version=\u00bb4.5.6&#8243; animation_style=\u00bbslide\u00bb animation_direction=\u00bbtop\u00bb animation_duration=\u00bb500ms\u00bb animation_intensity_slide=\u00bb10%\u00bb z_index_tablet=\u00bb500&#8243; border_radii=\u00bbon|2px|2px|2px|2px\u00bb border_width_all=\u00bb2px\u00bb border_color_all=\u00bb#ffffff\u00bb box_shadow_style=\u00bbpreset1&#8243; box_shadow_color=\u00bb#c59c0e\u00bb use_border_color=\u00bboff\u00bb]<br \/>\n[\/et_pb_image][et_pb_text _builder_version=\u00bb4.5.6&#8243;]<\/p>\n<p>Ficha t\u00e9cnica:<\/p>\n<p><a href=\"https:\/\/www.grupomananes.com\/hosteleria\/wp-content\/uploads\/2020\/08\/FS_ES_ASEPVIX.pdf\" target=\"_blank\" rel=\"noopener noreferrer\">Asepvix<img loading=\"lazy\" decoding=\"async\" src=\"https:\/\/www.grupomananes.com\/hosteleria\/wp-content\/uploads\/2020\/04\/pdf.png\" width=\"23\" height=\"23\" alt=\"\" class=\"wp-image-2104 alignnone size-full\" \/><\/a><\/p>\n<p><a href=\"https:\/\/www.proquimia.com\/el-ministerio-de-sanidad-incluye-asepvix-en-el-listado-de-virucidas-registrados-en-espana\/#.XzwtFOgzZdh\" target=\"_blank\" rel=\"noopener noreferrer\">Incluido\u00a0 listado oficial del Ministerio de Sanidad <\/a><\/p>\n<p>&nbsp;<\/p>\n<p>[\/et_pb_text][\/et_pb_column][et_pb_column type=\u00bb1_3&#8243; _builder_version=\u00bb4.4.2&#8243;][et_pb_text _builder_version=\u00bb4.5.6&#8243; text_font=\u00bbAdvent Pro||||||||\u00bb text_font_size=\u00bb23px\u00bb background_size=\u00bbinitial\u00bb background_position=\u00bbtop_left\u00bb background_repeat=\u00bbrepeat\u00bb custom_margin=\u00bb||0px|\u00bb custom_padding=\u00bb30px||10px|\u00bb custom_padding_tablet=\u00bb||15px|\u00bb custom_padding_phone=\u00bb\u00bb custom_padding_last_edited=\u00bbon|phone\u00bb text_font_size_tablet=\u00bb33px\u00bb text_font_size_phone=\u00bb\u00bb text_font_size_last_edited=\u00bbon|tablet\u00bb z_index_tablet=\u00bb500&#8243;]<\/p>\n<p style=\"text-align: left;\">Gel hidroalcoh\u00f3lico con registros sanitarios<\/p>\n<p>[\/et_pb_text][et_pb_divider divider_position=\u00bbcenter\u00bb divider_weight=\u00bb3&#8243; _builder_version=\u00bb3.2&#8243; max_width=\u00bb20%\u00bb module_alignment=\u00bbleft\u00bb]<br \/>\n[\/et_pb_divider][et_pb_image src=\u00bbhttps:\/\/www.grupomananes.com\/hosteleria\/wp-content\/uploads\/2020\/04\/Gel-hidroalcoholico.jpg\u00bb show_in_lightbox=\u00bbon\u00bb align_tablet=\u00bbcenter\u00bb align_phone=\u00bb\u00bb align_last_edited=\u00bbon|desktop\u00bb module_class=\u00bbgq-module-hover\u00bb _builder_version=\u00bb4.4.2&#8243; animation_style=\u00bbslide\u00bb animation_direction=\u00bbtop\u00bb animation_duration=\u00bb500ms\u00bb animation_intensity_slide=\u00bb10%\u00bb z_index_tablet=\u00bb500&#8243; border_radii=\u00bbon|2px|2px|2px|2px\u00bb border_width_all=\u00bb2px\u00bb border_color_all=\u00bb#ffffff\u00bb box_shadow_style=\u00bbpreset1&#8243; box_shadow_color=\u00bb#c59c0e\u00bb use_border_color=\u00bboff\u00bb]<br \/>\n[\/et_pb_image][et_pb_text _builder_version=\u00bb4.4.7&#8243;]<\/p>\n<p>Ficha t\u00e9cnica:<\/p>\n<p><a href=\"https:\/\/www.grupomananes.com\/hosteleria\/wp-content\/uploads\/2020\/05\/FS_ES_VITA-ASEPGEL.pdf\" target=\"_blank\" rel=\"noopener noreferrer\">Vita Asepgel<img loading=\"lazy\" decoding=\"async\" src=\"https:\/\/www.grupomananes.com\/hosteleria\/wp-content\/uploads\/2020\/04\/pdf.png\" width=\"23\" height=\"23\" alt=\"\" class=\"wp-image-2104 alignnone size-full\" \/><\/a><\/p>\n<p><a href=\"https:\/\/www.grupomananes.com\/hosteleria\/wp-content\/uploads\/2020\/05\/listado_biocidas_eficacia_viricida.jpg\" target=\"_blank\" rel=\"noopener noreferrer\">Incluido\u00a0 listado AEMPS <\/a><\/p>\n<p>M\u00e1s info:<a href=\"https:\/\/n9.cl\/wntw3\" target=\"_blank\" rel=\"noopener noreferrer\"> https:\/\/n9.cl\/wntw3<\/a><\/p>\n<p>[\/et_pb_text][\/et_pb_column][et_pb_column type=\u00bb1_3&#8243; _builder_version=\u00bb4.4.2&#8243;][et_pb_text _builder_version=\u00bb4.5.6&#8243; text_font=\u00bbAdvent Pro||||||||\u00bb text_font_size=\u00bb23px\u00bb background_size=\u00bbinitial\u00bb background_position=\u00bbtop_left\u00bb background_repeat=\u00bbrepeat\u00bb custom_margin=\u00bb||0px|\u00bb custom_padding=\u00bb30px||10px|\u00bb custom_padding_tablet=\u00bb||15px|\u00bb custom_padding_phone=\u00bb\u00bb custom_padding_last_edited=\u00bbon|phone\u00bb text_font_size_tablet=\u00bb33px\u00bb text_font_size_phone=\u00bb\u00bb text_font_size_last_edited=\u00bbon|tablet\u00bb z_index_tablet=\u00bb500&#8243;]<\/p>\n<p style=\"text-align: left;\">Desinfecci\u00f3n Virucida<\/p>\n<p style=\"text-align: left;\">[\/et_pb_text][et_pb_divider divider_position=\u00bbcenter\u00bb divider_weight=\u00bb3&#8243; _builder_version=\u00bb3.2&#8243; max_width=\u00bb20%\u00bb module_alignment=\u00bbleft\u00bb]<br \/>\n[\/et_pb_divider][et_pb_image src=\u00bbhttps:\/\/www.grupomananes.com\/hosteleria\/wp-content\/uploads\/2020\/07\/Oferta-bactericida.jpg\u00bb title_text=\u00bbOferta bactericida\u00bb show_in_lightbox=\u00bbon\u00bb align_tablet=\u00bbcenter\u00bb align_phone=\u00bb\u00bb align_last_edited=\u00bbon|desktop\u00bb module_class=\u00bbgq-module-hover\u00bb _builder_version=\u00bb4.4.8&#8243; animation_style=\u00bbslide\u00bb animation_direction=\u00bbtop\u00bb animation_duration=\u00bb500ms\u00bb animation_intensity_slide=\u00bb10%\u00bb z_index_tablet=\u00bb500&#8243; border_radii=\u00bbon|2px|2px|2px|2px\u00bb border_width_all=\u00bb2px\u00bb border_color_all=\u00bb#ffffff\u00bb box_shadow_style=\u00bbpreset1&#8243; box_shadow_color=\u00bb#c59c0e\u00bb use_border_color=\u00bboff\u00bb]<br \/>\n[\/et_pb_image][et_pb_text _builder_version=\u00bb4.4.7&#8243;]<\/p>\n<p>Ficha t\u00e9cnica:<\/p>\n<p><a href=\"https:\/\/www.grupomananes.com\/hosteleria\/wp-content\/uploads\/2020\/05\/XOPBAC.pdf\" target=\"_blank\" rel=\"noopener noreferrer\">Desinfectante virucida<img loading=\"lazy\" decoding=\"async\" src=\"https:\/\/www.grupomananes.com\/hosteleria\/wp-content\/uploads\/2020\/04\/pdf.png\" width=\"26\" height=\"26\" alt=\"\" class=\"wp-image-2104 alignnone size-full\" \/><\/a><\/p>\n<p>[\/et_pb_text][\/et_pb_column][\/et_pb_row][et_pb_row column_structure=\u00bb1_3,1_3,1_3&#8243; padding_mobile=\u00bboff\u00bb column_padding_mobile=\u00bbon\u00bb admin_label=\u00bbrow\u00bb _builder_version=\u00bb3.25&#8243; background_size=\u00bbinitial\u00bb background_position=\u00bbtop_left\u00bb background_repeat=\u00bbrepeat\u00bb custom_padding=\u00bb14px|0px|25.25px|0px\u00bb][et_pb_column type=\u00bb1_3&#8243; _builder_version=\u00bb3.0.47&#8243; custom_padding=\u00bb|||\u00bb custom_padding__hover=\u00bb|||\u00bb][et_pb_text _builder_version=\u00bb4.6.0&#8243; text_font=\u00bbAdvent Pro||||||||\u00bb text_font_size=\u00bb23px\u00bb background_size=\u00bbinitial\u00bb background_position=\u00bbtop_left\u00bb background_repeat=\u00bbrepeat\u00bb custom_margin=\u00bb||0px|\u00bb custom_padding=\u00bb30px||10px|\u00bb custom_padding_tablet=\u00bb||15px|\u00bb custom_padding_phone=\u00bb\u00bb custom_padding_last_edited=\u00bbon|phone\u00bb text_font_size_tablet=\u00bb33px\u00bb text_font_size_phone=\u00bb\u00bb text_font_size_last_edited=\u00bbon|tablet\u00bb z_index_tablet=\u00bb500&#8243;]<\/p>\n<p style=\"text-align: left;\">Mascarillas FFP2<\/p>\n<p style=\"text-align: left;\">[\/et_pb_text][et_pb_divider divider_position=\u00bbcenter\u00bb divider_weight=\u00bb3&#8243; _builder_version=\u00bb3.2&#8243; max_width=\u00bb20%\u00bb module_alignment=\u00bbleft\u00bb]<br \/>\n[\/et_pb_divider][et_pb_image src=\u00bbhttps:\/\/www.grupomananes.com\/hosteleria\/wp-content\/uploads\/2020\/08\/Ficha-resumen-FFP2-2.jpg\u00bb title_text=\u00bbFicha resumen FFP2&#8243; show_in_lightbox=\u00bbon\u00bb align_tablet=\u00bbcenter\u00bb align_phone=\u00bb\u00bb align_last_edited=\u00bbon|desktop\u00bb module_class=\u00bbgq-module-hover\u00bb _builder_version=\u00bb4.6.0&#8243; animation_style=\u00bbslide\u00bb animation_direction=\u00bbtop\u00bb animation_duration=\u00bb500ms\u00bb animation_intensity_slide=\u00bb10%\u00bb z_index_tablet=\u00bb500&#8243; border_radii=\u00bbon|2px|2px|2px|2px\u00bb border_width_all=\u00bb2px\u00bb border_color_all=\u00bb#ffffff\u00bb box_shadow_style=\u00bbpreset1&#8243; box_shadow_color=\u00bb#c59c0e\u00bb use_border_color=\u00bboff\u00bb]<br \/>\n[\/et_pb_image][et_pb_text _builder_version=\u00bb4.6.0&#8243;]<\/p>\n<p>Ficha t\u00e9cnica:<\/p>\n<p><a href=\"https:\/\/www.grupomananes.com\/hosteleria\/wp-content\/uploads\/2020\/08\/Ficha-tecnica-FFP2.pdf\" target=\"_blank\" rel=\"noopener noreferrer\">Mascarillas FFP2<img loading=\"lazy\" decoding=\"async\" src=\"https:\/\/www.grupomananes.com\/hosteleria\/wp-content\/uploads\/2020\/04\/pdf.png\" width=\"26\" height=\"26\" alt=\"\" class=\"wp-image-2104 alignnone size-full\" \/><\/a><\/p>\n<p>[\/et_pb_text][\/et_pb_column][et_pb_column type=\u00bb1_3&#8243; _builder_version=\u00bb4.4.2&#8243;][et_pb_text _builder_version=\u00bb4.5.6&#8243; text_font=\u00bbAdvent Pro||||||||\u00bb text_font_size=\u00bb23px\u00bb background_size=\u00bbinitial\u00bb background_position=\u00bbtop_left\u00bb background_repeat=\u00bbrepeat\u00bb custom_margin=\u00bb||0px|\u00bb custom_padding=\u00bb30px||10px|\u00bb custom_padding_tablet=\u00bb||15px|\u00bb custom_padding_phone=\u00bb\u00bb custom_padding_last_edited=\u00bbon|phone\u00bb text_font_size_tablet=\u00bb33px\u00bb text_font_size_phone=\u00bb\u00bb text_font_size_last_edited=\u00bbon|tablet\u00bb z_index_tablet=\u00bb500&#8243;]<\/p>\n<p style=\"text-align: left;\">Mascarillas higi\u00e9nicas\u00a0<\/p>\n<p style=\"text-align: left;\">[\/et_pb_text][et_pb_divider divider_position=\u00bbcenter\u00bb divider_weight=\u00bb3&#8243; _builder_version=\u00bb3.2&#8243; max_width=\u00bb20%\u00bb module_alignment=\u00bbleft\u00bb]<br \/>\n[\/et_pb_divider][et_pb_image src=\u00bbhttps:\/\/www.grupomananes.com\/hosteleria\/wp-content\/uploads\/2021\/02\/Mascarilla-Higienica-Desechable-3-capas.jpg\u00bb title_text=\u00bbMascarilla Higi\u00e9nica Desechable 3 capas\u00bb show_in_lightbox=\u00bbon\u00bb align_tablet=\u00bbcenter\u00bb align_phone=\u00bb\u00bb align_last_edited=\u00bbon|desktop\u00bb module_class=\u00bbgq-module-hover\u00bb _builder_version=\u00bb4.9.0&#8243; animation_style=\u00bbslide\u00bb animation_direction=\u00bbtop\u00bb animation_duration=\u00bb500ms\u00bb animation_intensity_slide=\u00bb10%\u00bb z_index_tablet=\u00bb500&#8243; border_radii=\u00bbon|2px|2px|2px|2px\u00bb border_width_all=\u00bb2px\u00bb border_color_all=\u00bb#ffffff\u00bb box_shadow_style=\u00bbpreset1&#8243; box_shadow_color=\u00bb#c59c0e\u00bb use_border_color=\u00bboff\u00bb]<br \/>\n[\/et_pb_image][et_pb_text _builder_version=\u00bb4.5.6&#8243;]<\/p>\n<p>Ficha t\u00e9cnica:<\/p>\n<p><a href=\"https:\/\/www.grupomananes.com\/hosteleria\/wp-content\/uploads\/2020\/08\/Ficha-tecnica-Mascarilla-higienica-3-capas.pdf\" target=\"_blank\" rel=\"noopener noreferrer\" title=\"Mascarillas Higi\u00e9nicas \">Mascarillas Higi\u00e9nicas 3 capas<img loading=\"lazy\" decoding=\"async\" src=\"https:\/\/www.grupomananes.com\/hosteleria\/wp-content\/uploads\/2020\/04\/pdf.png\" width=\"26\" height=\"26\" alt=\"\" class=\"wp-image-2104 alignnone size-full\" \/><\/a><\/p>\n<p>[\/et_pb_text][\/et_pb_column][et_pb_column type=\u00bb1_3&#8243; _builder_version=\u00bb4.4.2&#8243;][et_pb_text _builder_version=\u00bb4.9.0&#8243; text_font=\u00bbAdvent Pro||||||||\u00bb text_font_size=\u00bb23px\u00bb background_size=\u00bbinitial\u00bb background_position=\u00bbtop_left\u00bb background_repeat=\u00bbrepeat\u00bb custom_margin=\u00bb||0px|\u00bb custom_padding=\u00bb30px||10px|\u00bb custom_padding_tablet=\u00bb||15px|\u00bb custom_padding_phone=\u00bb\u00bb custom_padding_last_edited=\u00bbon|phone\u00bb hover_enabled=\u00bb0&#8243; text_font_size_tablet=\u00bb33px\u00bb text_font_size_phone=\u00bb\u00bb text_font_size_last_edited=\u00bbon|tablet\u00bb z_index_tablet=\u00bb500&#8243; sticky_enabled=\u00bb0&#8243;]<\/p>\n<p style=\"text-align: left;\">No te quedes sin terraza<\/p>\n<p style=\"text-align: left;\">[\/et_pb_text][et_pb_divider divider_position=\u00bbcenter\u00bb divider_weight=\u00bb3&#8243; _builder_version=\u00bb3.2&#8243; max_width=\u00bb20%\u00bb module_alignment=\u00bbleft\u00bb]<br \/>\n[\/et_pb_divider][et_pb_image src=\u00bbhttps:\/\/www.grupomananes.com\/hosteleria\/wp-content\/uploads\/2021\/02\/Oferta-terraza.jpg\u00bb title_text=\u00bbOferta terraza\u00bb show_in_lightbox=\u00bbon\u00bb align_tablet=\u00bbcenter\u00bb align_phone=\u00bb\u00bb align_last_edited=\u00bbon|desktop\u00bb module_class=\u00bbgq-module-hover\u00bb _builder_version=\u00bb4.9.0&#8243; animation_style=\u00bbslide\u00bb animation_direction=\u00bbtop\u00bb animation_duration=\u00bb500ms\u00bb animation_intensity_slide=\u00bb10%\u00bb hover_enabled=\u00bb0&#8243; z_index_tablet=\u00bb500&#8243; border_radii=\u00bbon|2px|2px|2px|2px\u00bb border_width_all=\u00bb2px\u00bb border_color_all=\u00bb#ffffff\u00bb box_shadow_style=\u00bbpreset1&#8243; box_shadow_color=\u00bb#c59c0e\u00bb use_border_color=\u00bboff\u00bb sticky_enabled=\u00bb0&#8243;]<br \/>\n[\/et_pb_image][\/et_pb_column][\/et_pb_row][et_pb_row column_structure=\u00bb1_3,1_3,1_3&#8243; padding_mobile=\u00bboff\u00bb column_padding_mobile=\u00bbon\u00bb admin_label=\u00bbrow\u00bb _builder_version=\u00bb3.25&#8243; background_size=\u00bbinitial\u00bb background_position=\u00bbtop_left\u00bb background_repeat=\u00bbrepeat\u00bb custom_padding=\u00bb14px|0px|25.25px|0px\u00bb][et_pb_column type=\u00bb1_3&#8243; _builder_version=\u00bb3.0.47&#8243; custom_padding=\u00bb|||\u00bb custom_padding__hover=\u00bb|||\u00bb][et_pb_text _builder_version=\u00bb4.6.6&#8243; text_font=\u00bbAdvent Pro||||||||\u00bb text_font_size=\u00bb23px\u00bb background_size=\u00bbinitial\u00bb background_position=\u00bbtop_left\u00bb background_repeat=\u00bbrepeat\u00bb custom_margin=\u00bb||0px|\u00bb custom_padding=\u00bb30px||10px|\u00bb custom_padding_tablet=\u00bb||15px|\u00bb custom_padding_phone=\u00bb\u00bb custom_padding_last_edited=\u00bbon|phone\u00bb text_font_size_tablet=\u00bb33px\u00bb text_font_size_phone=\u00bb\u00bb text_font_size_last_edited=\u00bbon|tablet\u00bb z_index_tablet=\u00bb500&#8243;]<\/p>\n<p style=\"text-align: left;\">Mascarillas Quir\u00fargicas Negras<\/p>\n<p style=\"text-align: left;\">[\/et_pb_text][et_pb_divider divider_position=\u00bbcenter\u00bb divider_weight=\u00bb3&#8243; _builder_version=\u00bb3.2&#8243; max_width=\u00bb20%\u00bb module_alignment=\u00bbleft\u00bb]<br \/>\n[\/et_pb_divider][et_pb_image src=\u00bbhttps:\/\/www.grupomananes.com\/hosteleria\/wp-content\/uploads\/2021\/02\/Mascarilla-quirurgica-negra.jpg\u00bb title_text=\u00bbMascarilla quirurgica negra\u00bb show_in_lightbox=\u00bbon\u00bb align_tablet=\u00bbcenter\u00bb align_phone=\u00bb\u00bb align_last_edited=\u00bbon|desktop\u00bb module_class=\u00bbgq-module-hover\u00bb _builder_version=\u00bb4.9.0&#8243; animation_style=\u00bbslide\u00bb animation_direction=\u00bbtop\u00bb animation_duration=\u00bb500ms\u00bb animation_intensity_slide=\u00bb10%\u00bb z_index_tablet=\u00bb500&#8243; border_radii=\u00bbon|2px|2px|2px|2px\u00bb border_width_all=\u00bb2px\u00bb border_color_all=\u00bb#ffffff\u00bb box_shadow_style=\u00bbpreset1&#8243; box_shadow_color=\u00bb#c59c0e\u00bb use_border_color=\u00bboff\u00bb]<br \/>\n[\/et_pb_image][et_pb_text _builder_version=\u00bb4.6.6&#8243;]<\/p>\n<p>Ficha t\u00e9cnica:<\/p>\n<p><a href=\"https:\/\/www.grupomananes.com\/hosteleria\/wp-content\/uploads\/2020\/10\/FTRDM021_ES.pdf\" target=\"_blank\" rel=\"noopener noreferrer\" title=\"Mascarillas Quir\u00fargicas Negras\">Mascarillas Quir\u00fargicas Negras<img loading=\"lazy\" decoding=\"async\" src=\"https:\/\/www.grupomananes.com\/hosteleria\/wp-content\/uploads\/2020\/04\/pdf.png\" width=\"26\" height=\"26\" alt=\"\" class=\"wp-image-2104 alignnone size-full\" \/><\/a><\/p>\n<p>[\/et_pb_text][\/et_pb_column][et_pb_column type=\u00bb1_3&#8243; _builder_version=\u00bb4.4.2&#8243;][et_pb_text _builder_version=\u00bb4.6.3&#8243; text_font=\u00bbAdvent Pro||||||||\u00bb text_font_size=\u00bb23px\u00bb background_size=\u00bbinitial\u00bb background_position=\u00bbtop_left\u00bb background_repeat=\u00bbrepeat\u00bb custom_margin=\u00bb||0px|\u00bb custom_padding=\u00bb30px||10px|\u00bb custom_padding_tablet=\u00bb||15px|\u00bb custom_padding_phone=\u00bb\u00bb custom_padding_last_edited=\u00bbon|phone\u00bb text_font_size_tablet=\u00bb33px\u00bb text_font_size_phone=\u00bb\u00bb text_font_size_last_edited=\u00bbon|tablet\u00bb z_index_tablet=\u00bb500&#8243;]<\/p>\n<p style=\"text-align: left;\">Mascarillas KN95 Negras<\/p>\n<p style=\"text-align: left;\">\n<p>[\/et_pb_text][et_pb_divider divider_position=\u00bbcenter\u00bb divider_weight=\u00bb3&#8243; _builder_version=\u00bb3.2&#8243; max_width=\u00bb20%\u00bb module_alignment=\u00bbleft\u00bb]<br \/>\n[\/et_pb_divider][et_pb_image src=\u00bbhttps:\/\/www.grupomananes.com\/hosteleria\/wp-content\/uploads\/2020\/08\/Mascarilla-KN95-NEGRA.jpg\u00bb title_text=\u00bbMascarilla KN95 NEGRA\u00bb show_in_lightbox=\u00bbon\u00bb align_tablet=\u00bbcenter\u00bb align_phone=\u00bb\u00bb align_last_edited=\u00bbon|desktop\u00bb module_class=\u00bbgq-module-hover\u00bb _builder_version=\u00bb4.6.0&#8243; animation_style=\u00bbslide\u00bb animation_direction=\u00bbtop\u00bb animation_duration=\u00bb500ms\u00bb animation_intensity_slide=\u00bb10%\u00bb z_index_tablet=\u00bb500&#8243; border_radii=\u00bbon|2px|2px|2px|2px\u00bb border_width_all=\u00bb2px\u00bb border_color_all=\u00bb#ffffff\u00bb box_shadow_style=\u00bbpreset1&#8243; box_shadow_color=\u00bb#c59c0e\u00bb use_border_color=\u00bboff\u00bb]<br \/>\n[\/et_pb_image][et_pb_text _builder_version=\u00bb4.6.0&#8243;]<\/p>\n<p>Ficha t\u00e9cnica:<\/p>\n<p><a href=\"https:\/\/www.grupomananes.com\/hosteleria\/wp-content\/uploads\/2020\/08\/Ficha-tecnica-KN95-Negra.pdf\" target=\"_blank\" rel=\"noopener noreferrer\" title=\"Mascarillas KN95 negras\">Mascarillas KN95 negras<img loading=\"lazy\" decoding=\"async\" src=\"https:\/\/www.grupomananes.com\/hosteleria\/wp-content\/uploads\/2020\/04\/pdf.png\" width=\"26\" height=\"26\" alt=\"\" class=\"wp-image-2104 alignnone size-full\" \/><\/a><\/p>\n<p>[\/et_pb_text][\/et_pb_column][et_pb_column type=\u00bb1_3&#8243; _builder_version=\u00bb4.4.2&#8243;][et_pb_text _builder_version=\u00bb4.6.6&#8243; text_font=\u00bbAdvent Pro||||||||\u00bb text_font_size=\u00bb23px\u00bb background_size=\u00bbinitial\u00bb background_position=\u00bbtop_left\u00bb background_repeat=\u00bbrepeat\u00bb custom_margin=\u00bb||0px|\u00bb custom_padding=\u00bb30px||10px|\u00bb custom_padding_tablet=\u00bb||15px|\u00bb custom_padding_phone=\u00bb\u00bb custom_padding_last_edited=\u00bbon|phone\u00bb text_font_size_tablet=\u00bb33px\u00bb text_font_size_phone=\u00bb\u00bb text_font_size_last_edited=\u00bbon|tablet\u00bb z_index_tablet=\u00bb500&#8243;]<\/p>\n<p style=\"text-align: left;\">Columna Desinfecci\u00f3n Autom\u00e1tica<\/p>\n<p style=\"text-align: left;\">[\/et_pb_text][et_pb_divider divider_position=\u00bbcenter\u00bb divider_weight=\u00bb3&#8243; _builder_version=\u00bb3.2&#8243; max_width=\u00bb20%\u00bb module_alignment=\u00bbleft\u00bb]<br \/>\n[\/et_pb_divider][et_pb_image src=\u00bbhttps:\/\/www.grupomananes.com\/hosteleria\/wp-content\/uploads\/2020\/10\/Columna-lacor.jpg\u00bb title_text=\u00bbColumna lacor\u00bb show_in_lightbox=\u00bbon\u00bb align_tablet=\u00bbcenter\u00bb align_phone=\u00bb\u00bb align_last_edited=\u00bbon|desktop\u00bb module_class=\u00bbgq-module-hover\u00bb _builder_version=\u00bb4.6.6&#8243; animation_style=\u00bbslide\u00bb animation_direction=\u00bbtop\u00bb animation_duration=\u00bb500ms\u00bb animation_intensity_slide=\u00bb10%\u00bb z_index_tablet=\u00bb500&#8243; border_radii=\u00bbon|2px|2px|2px|2px\u00bb border_width_all=\u00bb2px\u00bb border_color_all=\u00bb#ffffff\u00bb box_shadow_style=\u00bbpreset1&#8243; box_shadow_color=\u00bb#c59c0e\u00bb use_border_color=\u00bboff\u00bb]<br \/>\n[\/et_pb_image][\/et_pb_column][\/et_pb_row][et_pb_row column_structure=\u00bb1_3,1_3,1_3&#8243; padding_mobile=\u00bboff\u00bb column_padding_mobile=\u00bbon\u00bb admin_label=\u00bbrow\u00bb _builder_version=\u00bb3.25&#8243; background_size=\u00bbinitial\u00bb background_position=\u00bbtop_left\u00bb background_repeat=\u00bbrepeat\u00bb custom_padding=\u00bb14px|0px|25.25px|0px\u00bb][et_pb_column type=\u00bb1_3&#8243; _builder_version=\u00bb3.0.47&#8243; custom_padding=\u00bb|||\u00bb custom_padding__hover=\u00bb|||\u00bb][et_pb_text _builder_version=\u00bb4.4.8&#8243; text_font=\u00bbAdvent Pro||||||||\u00bb text_font_size=\u00bb23px\u00bb background_size=\u00bbinitial\u00bb background_position=\u00bbtop_left\u00bb background_repeat=\u00bbrepeat\u00bb custom_margin=\u00bb||0px|\u00bb custom_padding=\u00bb30px||10px|\u00bb custom_padding_tablet=\u00bb||15px|\u00bb custom_padding_phone=\u00bb\u00bb custom_padding_last_edited=\u00bbon|phone\u00bb text_font_size_tablet=\u00bb33px\u00bb text_font_size_phone=\u00bb\u00bb text_font_size_last_edited=\u00bbon|tablet\u00bb z_index_tablet=\u00bb500&#8243;]<\/p>\n<p style=\"text-align: left;\">Spray desinfectante<\/p>\n<p style=\"text-align: left;\">[\/et_pb_text][et_pb_divider divider_position=\u00bbcenter\u00bb divider_weight=\u00bb3&#8243; _builder_version=\u00bb3.2&#8243; max_width=\u00bb20%\u00bb module_alignment=\u00bbleft\u00bb]<br \/>\n[\/et_pb_divider][et_pb_image src=\u00bbhttps:\/\/www.grupomananes.com\/hosteleria\/wp-content\/uploads\/2020\/06\/Spray-desinfectante.jpg\u00bb title_text=\u00bbSpray desinfectante\u00bb show_in_lightbox=\u00bbon\u00bb align_tablet=\u00bbcenter\u00bb align_phone=\u00bb\u00bb align_last_edited=\u00bbon|desktop\u00bb module_class=\u00bbgq-module-hover\u00bb _builder_version=\u00bb4.4.8&#8243; animation_style=\u00bbslide\u00bb animation_direction=\u00bbtop\u00bb animation_duration=\u00bb500ms\u00bb animation_intensity_slide=\u00bb10%\u00bb z_index_tablet=\u00bb500&#8243; border_radii=\u00bbon|2px|2px|2px|2px\u00bb border_width_all=\u00bb2px\u00bb border_color_all=\u00bb#ffffff\u00bb box_shadow_style=\u00bbpreset1&#8243; box_shadow_color=\u00bb#c59c0e\u00bb use_border_color=\u00bboff\u00bb]<br \/>\n[\/et_pb_image][\/et_pb_column][et_pb_column type=\u00bb1_3&#8243; _builder_version=\u00bb4.4.2&#8243;][et_pb_text _builder_version=\u00bb4.4.8&#8243; text_font=\u00bbAdvent Pro||||||||\u00bb text_font_size=\u00bb23px\u00bb background_size=\u00bbinitial\u00bb background_position=\u00bbtop_left\u00bb background_repeat=\u00bbrepeat\u00bb custom_margin=\u00bb||0px|\u00bb custom_padding=\u00bb30px||10px|\u00bb custom_padding_tablet=\u00bb||15px|\u00bb custom_padding_phone=\u00bb\u00bb custom_padding_last_edited=\u00bbon|phone\u00bb text_font_size_tablet=\u00bb33px\u00bb text_font_size_phone=\u00bb\u00bb text_font_size_last_edited=\u00bbon|tablet\u00bb z_index_tablet=\u00bb500&#8243;]<\/p>\n<p style=\"text-align: left;\">Desinfecci\u00f3n de alimentos<\/p>\n<p style=\"text-align: left;\">[\/et_pb_text][et_pb_divider divider_position=\u00bbcenter\u00bb divider_weight=\u00bb3&#8243; _builder_version=\u00bb3.2&#8243; max_width=\u00bb20%\u00bb module_alignment=\u00bbleft\u00bb]<br \/>\n[\/et_pb_divider][et_pb_image src=\u00bbhttps:\/\/www.grupomananes.com\/hosteleria\/wp-content\/uploads\/2020\/06\/Asepclor.jpg\u00bb title_text=\u00bbAsepclor\u00bb show_in_lightbox=\u00bbon\u00bb align_tablet=\u00bbcenter\u00bb align_phone=\u00bb\u00bb align_last_edited=\u00bbon|desktop\u00bb module_class=\u00bbgq-module-hover\u00bb _builder_version=\u00bb4.4.8&#8243; animation_style=\u00bbslide\u00bb animation_direction=\u00bbtop\u00bb animation_duration=\u00bb500ms\u00bb animation_intensity_slide=\u00bb10%\u00bb z_index_tablet=\u00bb500&#8243; border_radii=\u00bbon|2px|2px|2px|2px\u00bb border_width_all=\u00bb2px\u00bb border_color_all=\u00bb#ffffff\u00bb box_shadow_style=\u00bbpreset1&#8243; box_shadow_color=\u00bb#c59c0e\u00bb use_border_color=\u00bboff\u00bb]<br \/>\n[\/et_pb_image][\/et_pb_column][et_pb_column type=\u00bb1_3&#8243; _builder_version=\u00bb4.4.2&#8243;][et_pb_text _builder_version=\u00bb4.6.0&#8243; text_font=\u00bbAdvent Pro||||||||\u00bb text_font_size=\u00bb23px\u00bb background_size=\u00bbinitial\u00bb background_position=\u00bbtop_left\u00bb background_repeat=\u00bbrepeat\u00bb custom_margin=\u00bb||0px|\u00bb custom_padding=\u00bb30px||10px|\u00bb custom_padding_tablet=\u00bb||15px|\u00bb custom_padding_phone=\u00bb\u00bb custom_padding_last_edited=\u00bbon|phone\u00bb text_font_size_tablet=\u00bb33px\u00bb text_font_size_phone=\u00bb\u00bb text_font_size_last_edited=\u00bbon|tablet\u00bb z_index_tablet=\u00bb500&#8243;]<\/p>\n<p style=\"text-align: left;\">Mascarillas de Tela<\/p>\n<p style=\"text-align: left;\">[\/et_pb_text][et_pb_divider divider_position=\u00bbcenter\u00bb divider_weight=\u00bb3&#8243; _builder_version=\u00bb3.2&#8243; max_width=\u00bb20%\u00bb module_alignment=\u00bbleft\u00bb]<br \/>\n[\/et_pb_divider][et_pb_image src=\u00bbhttps:\/\/www.grupomananes.com\/hosteleria\/wp-content\/uploads\/2020\/08\/Mascarillas-tela.jpg\u00bb title_text=\u00bbMascarillas tela\u00bb show_in_lightbox=\u00bbon\u00bb align_tablet=\u00bbcenter\u00bb align_phone=\u00bb\u00bb align_last_edited=\u00bbon|desktop\u00bb module_class=\u00bbgq-module-hover\u00bb _builder_version=\u00bb4.5.6&#8243; animation_style=\u00bbslide\u00bb animation_direction=\u00bbtop\u00bb animation_duration=\u00bb500ms\u00bb animation_intensity_slide=\u00bb10%\u00bb z_index_tablet=\u00bb500&#8243; border_radii=\u00bbon|2px|2px|2px|2px\u00bb border_width_all=\u00bb2px\u00bb border_color_all=\u00bb#ffffff\u00bb box_shadow_style=\u00bbpreset1&#8243; box_shadow_color=\u00bb#c59c0e\u00bb use_border_color=\u00bboff\u00bb]<br \/>\n[\/et_pb_image][et_pb_text _builder_version=\u00bb4.5.6&#8243;]<\/p>\n<p>Ficha t\u00e9cnica:<\/p>\n<p><a href=\"https:\/\/www.grupomananes.com\/hosteleria\/wp-content\/uploads\/2020\/08\/Mascarillas-Higienicas-Reutilizables.jpg\" target=\"_blank\" rel=\"noopener noreferrer\" title=\"Mascarillas Higi\u00e9nicas Reutilizables\">Mascarillas Higi\u00e9nicas Reutilizables<img loading=\"lazy\" decoding=\"async\" src=\"https:\/\/www.grupomananes.com\/hosteleria\/wp-content\/uploads\/2020\/04\/pdf.png\" width=\"26\" height=\"26\" alt=\"\" class=\"wp-image-2104 alignnone size-full\" \/><\/a><\/p>\n<p>[\/et_pb_text][\/et_pb_column][\/et_pb_row][et_pb_row column_structure=\u00bb1_3,1_3,1_3&#8243; padding_mobile=\u00bboff\u00bb column_padding_mobile=\u00bbon\u00bb admin_label=\u00bbrow\u00bb _builder_version=\u00bb3.25&#8243; background_size=\u00bbinitial\u00bb background_position=\u00bbtop_left\u00bb background_repeat=\u00bbrepeat\u00bb custom_padding=\u00bb14px|0px|25.25px|0px\u00bb][et_pb_column type=\u00bb1_3&#8243; _builder_version=\u00bb3.0.47&#8243; custom_padding=\u00bb|||\u00bb custom_padding__hover=\u00bb|||\u00bb][et_pb_text _builder_version=\u00bb4.5.6&#8243; text_font=\u00bbAdvent Pro||||||||\u00bb text_font_size=\u00bb23px\u00bb background_size=\u00bbinitial\u00bb background_position=\u00bbtop_left\u00bb background_repeat=\u00bbrepeat\u00bb custom_margin=\u00bb||0px|\u00bb custom_padding=\u00bb30px||10px|\u00bb custom_padding_tablet=\u00bb||15px|\u00bb custom_padding_phone=\u00bb\u00bb custom_padding_last_edited=\u00bbon|phone\u00bb text_font_size_tablet=\u00bb33px\u00bb text_font_size_phone=\u00bb\u00bb text_font_size_last_edited=\u00bbon|tablet\u00bb z_index_tablet=\u00bb500&#8243;]<\/p>\n<p style=\"text-align: left;\">Felpudo desinfectante<\/p>\n<p style=\"text-align: left;\">[\/et_pb_text][et_pb_divider divider_position=\u00bbcenter\u00bb divider_weight=\u00bb3&#8243; _builder_version=\u00bb3.2&#8243; max_width=\u00bb20%\u00bb module_alignment=\u00bbleft\u00bb]<br \/>\n[\/et_pb_divider][et_pb_image src=\u00bbhttps:\/\/www.grupomananes.com\/hosteleria\/wp-content\/uploads\/2020\/05\/felpudo-desinfectante.jpeg\u00bb title_text=\u00bbfelpudo desinfectante\u00bb show_in_lightbox=\u00bbon\u00bb align_tablet=\u00bbcenter\u00bb align_phone=\u00bb\u00bb align_last_edited=\u00bbon|desktop\u00bb module_class=\u00bbgq-module-hover\u00bb _builder_version=\u00bb4.4.7&#8243; animation_style=\u00bbslide\u00bb animation_direction=\u00bbtop\u00bb animation_duration=\u00bb500ms\u00bb animation_intensity_slide=\u00bb10%\u00bb z_index_tablet=\u00bb500&#8243; border_radii=\u00bbon|2px|2px|2px|2px\u00bb border_width_all=\u00bb2px\u00bb border_color_all=\u00bb#ffffff\u00bb box_shadow_style=\u00bbpreset1&#8243; box_shadow_color=\u00bb#c59c0e\u00bb use_border_color=\u00bboff\u00bb]<br \/>\n[\/et_pb_image][\/et_pb_column][et_pb_column type=\u00bb1_3&#8243; _builder_version=\u00bb4.4.2&#8243;][et_pb_text _builder_version=\u00bb4.6.0&#8243; text_font=\u00bbAdvent Pro||||||||\u00bb text_font_size=\u00bb23px\u00bb background_size=\u00bbinitial\u00bb background_position=\u00bbtop_left\u00bb background_repeat=\u00bbrepeat\u00bb custom_margin=\u00bb||0px|\u00bb custom_padding=\u00bb30px||10px|\u00bb custom_padding_tablet=\u00bb||15px|\u00bb custom_padding_phone=\u00bb\u00bb custom_padding_last_edited=\u00bbon|phone\u00bb text_font_size_tablet=\u00bb33px\u00bb text_font_size_phone=\u00bb\u00bb text_font_size_last_edited=\u00bbon|tablet\u00bb z_index_tablet=\u00bb500&#8243;]<\/p>\n<p style=\"text-align: left;\">Pantallas faciales<\/p>\n<p style=\"text-align: left;\">[\/et_pb_text][et_pb_divider divider_position=\u00bbcenter\u00bb divider_weight=\u00bb3&#8243; _builder_version=\u00bb3.2&#8243; max_width=\u00bb20%\u00bb module_alignment=\u00bbleft\u00bb]<br \/>\n[\/et_pb_divider][et_pb_image src=\u00bbhttps:\/\/www.grupomananes.com\/hosteleria\/wp-content\/uploads\/2020\/04\/Pantallas-proteccion-particulares.jpg\u00bb show_in_lightbox=\u00bbon\u00bb align_tablet=\u00bbcenter\u00bb align_phone=\u00bb\u00bb align_last_edited=\u00bbon|desktop\u00bb module_class=\u00bbgq-module-hover\u00bb _builder_version=\u00bb4.4.2&#8243; animation_style=\u00bbslide\u00bb animation_direction=\u00bbtop\u00bb animation_duration=\u00bb500ms\u00bb animation_intensity_slide=\u00bb10%\u00bb z_index_tablet=\u00bb500&#8243; border_radii=\u00bbon|2px|2px|2px|2px\u00bb border_width_all=\u00bb2px\u00bb border_color_all=\u00bb#ffffff\u00bb box_shadow_style=\u00bbpreset1&#8243; box_shadow_color=\u00bb#c59c0e\u00bb use_border_color=\u00bboff\u00bb]<br \/>\n[\/et_pb_image][\/et_pb_column][et_pb_column type=\u00bb1_3&#8243; _builder_version=\u00bb4.6.6&#8243; _module_preset=\u00bbdefault\u00bb][et_pb_text _builder_version=\u00bb4.6.0&#8243; text_font=\u00bbAdvent Pro||||||||\u00bb text_font_size=\u00bb23px\u00bb background_size=\u00bbinitial\u00bb background_position=\u00bbtop_left\u00bb background_repeat=\u00bbrepeat\u00bb custom_margin=\u00bb||0px|\u00bb custom_padding=\u00bb30px||10px|\u00bb custom_padding_tablet=\u00bb||15px|\u00bb custom_padding_phone=\u00bb\u00bb custom_padding_last_edited=\u00bbon|phone\u00bb text_font_size_tablet=\u00bb33px\u00bb text_font_size_phone=\u00bb\u00bb text_font_size_last_edited=\u00bbon|tablet\u00bb z_index_tablet=\u00bb500&#8243;]<\/p>\n<p style=\"text-align: left;\">Mantel carta<\/p>\n<p style=\"text-align: left;\">[\/et_pb_text][et_pb_divider divider_position=\u00bbcenter\u00bb divider_weight=\u00bb3&#8243; _builder_version=\u00bb3.2&#8243; max_width=\u00bb20%\u00bb module_alignment=\u00bbleft\u00bb]<br \/>\n[\/et_pb_divider][et_pb_image src=\u00bbhttps:\/\/www.grupomananes.com\/hosteleria\/wp-content\/uploads\/2020\/05\/Mantel-carta.jpg\u00bb title_text=\u00bbMantel carta\u00bb show_in_lightbox=\u00bbon\u00bb align_tablet=\u00bbcenter\u00bb align_phone=\u00bb\u00bb align_last_edited=\u00bbon|desktop\u00bb module_class=\u00bbgq-module-hover\u00bb _builder_version=\u00bb4.4.5&#8243; animation_style=\u00bbslide\u00bb animation_direction=\u00bbtop\u00bb animation_duration=\u00bb500ms\u00bb animation_intensity_slide=\u00bb10%\u00bb z_index_tablet=\u00bb500&#8243; border_radii=\u00bbon|2px|2px|2px|2px\u00bb border_width_all=\u00bb2px\u00bb border_color_all=\u00bb#ffffff\u00bb box_shadow_style=\u00bbpreset1&#8243; box_shadow_color=\u00bb#c59c0e\u00bb use_border_color=\u00bboff\u00bb]<br \/>\n[\/et_pb_image][\/et_pb_column][\/et_pb_row][et_pb_row column_structure=\u00bb1_3,1_3,1_3&#8243; padding_mobile=\u00bboff\u00bb column_padding_mobile=\u00bbon\u00bb admin_label=\u00bbrow\u00bb _builder_version=\u00bb3.25&#8243; background_size=\u00bbinitial\u00bb background_position=\u00bbtop_left\u00bb background_repeat=\u00bbrepeat\u00bb custom_padding=\u00bb14px|0px|25.25px|0px\u00bb][et_pb_column type=\u00bb1_3&#8243; _builder_version=\u00bb3.0.47&#8243; custom_padding=\u00bb|||\u00bb custom_padding__hover=\u00bb|||\u00bb][et_pb_text _builder_version=\u00bb4.6.3&#8243; text_font=\u00bbAdvent Pro||||||||\u00bb text_font_size=\u00bb23px\u00bb background_size=\u00bbinitial\u00bb background_position=\u00bbtop_left\u00bb background_repeat=\u00bbrepeat\u00bb custom_margin=\u00bb||0px|\u00bb custom_padding=\u00bb30px||10px|\u00bb custom_padding_tablet=\u00bb||15px|\u00bb custom_padding_phone=\u00bb\u00bb custom_padding_last_edited=\u00bbon|phone\u00bb text_font_size_tablet=\u00bb33px\u00bb text_font_size_phone=\u00bb\u00bb text_font_size_last_edited=\u00bbon|tablet\u00bb z_index_tablet=\u00bb500&#8243;]<\/p>\n<p style=\"text-align: left;\">Mascarillas tela personalizadas<\/p>\n<p style=\"text-align: left;\">\n<p>[\/et_pb_text][et_pb_divider divider_position=\u00bbcenter\u00bb divider_weight=\u00bb3&#8243; _builder_version=\u00bb3.2&#8243; max_width=\u00bb20%\u00bb module_alignment=\u00bbleft\u00bb]<br \/>\n[\/et_pb_divider][et_pb_image src=\u00bbhttps:\/\/www.grupomananes.com\/hosteleria\/wp-content\/uploads\/2020\/10\/Mascarillas-personalizadas.jpg\u00bb title_text=\u00bbMascarillas personalizadas\u00bb show_in_lightbox=\u00bbon\u00bb align_tablet=\u00bbcenter\u00bb align_phone=\u00bb\u00bb align_last_edited=\u00bbon|desktop\u00bb module_class=\u00bbgq-module-hover\u00bb _builder_version=\u00bb4.6.3&#8243; animation_style=\u00bbslide\u00bb animation_direction=\u00bbtop\u00bb animation_duration=\u00bb500ms\u00bb animation_intensity_slide=\u00bb10%\u00bb z_index_tablet=\u00bb500&#8243; border_radii=\u00bbon|2px|2px|2px|2px\u00bb border_width_all=\u00bb2px\u00bb border_color_all=\u00bb#ffffff\u00bb box_shadow_style=\u00bbpreset1&#8243; box_shadow_color=\u00bb#c59c0e\u00bb use_border_color=\u00bboff\u00bb]<br \/>\n[\/et_pb_image][\/et_pb_column][et_pb_column type=\u00bb1_3&#8243; _builder_version=\u00bb4.4.2&#8243;][et_pb_text _builder_version=\u00bb4.5.6&#8243; text_font=\u00bbAdvent Pro||||||||\u00bb text_font_size=\u00bb23px\u00bb background_size=\u00bbinitial\u00bb background_position=\u00bbtop_left\u00bb background_repeat=\u00bbrepeat\u00bb custom_margin=\u00bb||0px|\u00bb custom_padding=\u00bb30px||10px|\u00bb custom_padding_tablet=\u00bb||15px|\u00bb custom_padding_phone=\u00bb\u00bb custom_padding_last_edited=\u00bbon|phone\u00bb text_font_size_tablet=\u00bb33px\u00bb text_font_size_phone=\u00bb\u00bb text_font_size_last_edited=\u00bbon|tablet\u00bb z_index_tablet=\u00bb500&#8243;]<\/p>\n<p style=\"text-align: left;\">Mascarillas empresas<\/p>\n<p style=\"text-align: left;\">[\/et_pb_text][et_pb_divider divider_position=\u00bbcenter\u00bb divider_weight=\u00bb3&#8243; _builder_version=\u00bb3.2&#8243; max_width=\u00bb20%\u00bb module_alignment=\u00bbleft\u00bb]<br \/>\n[\/et_pb_divider][et_pb_image src=\u00bbhttps:\/\/www.grupomananes.com\/hosteleria\/wp-content\/uploads\/2020\/04\/Mascarillas-empresas.jpg\u00bb title_text=\u00bbMascarillas empresas\u00bb show_in_lightbox=\u00bbon\u00bb align_tablet=\u00bbcenter\u00bb align_phone=\u00bb\u00bb align_last_edited=\u00bbon|desktop\u00bb module_class=\u00bbgq-module-hover\u00bb _builder_version=\u00bb4.5.6&#8243; animation_style=\u00bbslide\u00bb animation_direction=\u00bbtop\u00bb animation_duration=\u00bb500ms\u00bb animation_intensity_slide=\u00bb10%\u00bb z_index_tablet=\u00bb500&#8243; border_radii=\u00bbon|2px|2px|2px|2px\u00bb border_width_all=\u00bb2px\u00bb border_color_all=\u00bb#ffffff\u00bb box_shadow_style=\u00bbpreset1&#8243; box_shadow_color=\u00bb#c59c0e\u00bb use_border_color=\u00bboff\u00bb]<br \/>\n[\/et_pb_image][et_pb_text _builder_version=\u00bb4.5.6&#8243;]<\/p>\n<p>Ver v\u00eddeo explicativo:<\/p>\n<p>[\/et_pb_text][et_pb_video src=\u00bbhttps:\/\/www.youtube.com\/watch?v=Bk2h4qw_Ews\u00bb _builder_version=\u00bb4.5.6&#8243; _module_preset=\u00bbdefault\u00bb max_width_tablet=\u00bb\u00bb max_width_phone=\u00bb\u00bb max_width_last_edited=\u00bbon|desktop\u00bb min_height_tablet=\u00bb\u00bb min_height_phone=\u00bb\u00bb min_height_last_edited=\u00bbon|desktop\u00bb animation_style=\u00bbzoom\u00bb][\/et_pb_video][\/et_pb_column][et_pb_column type=\u00bb1_3&#8243; _builder_version=\u00bb4.4.2&#8243;][et_pb_text _builder_version=\u00bb4.5.6&#8243; text_font=\u00bbAdvent Pro||||||||\u00bb text_font_size=\u00bb23px\u00bb background_size=\u00bbinitial\u00bb background_position=\u00bbtop_left\u00bb background_repeat=\u00bbrepeat\u00bb custom_margin=\u00bb||0px|\u00bb custom_padding=\u00bb30px||10px|\u00bb custom_padding_tablet=\u00bb||15px|\u00bb custom_padding_phone=\u00bb\u00bb custom_padding_last_edited=\u00bbon|phone\u00bb text_font_size_tablet=\u00bb33px\u00bb text_font_size_phone=\u00bb\u00bb text_font_size_last_edited=\u00bbon|tablet\u00bb z_index_tablet=\u00bb500&#8243;]<\/p>\n<p style=\"text-align: left;\">Mascarillas particulares<\/p>\n<p style=\"text-align: left;\">[\/et_pb_text][et_pb_divider divider_position=\u00bbcenter\u00bb divider_weight=\u00bb3&#8243; _builder_version=\u00bb3.2&#8243; max_width=\u00bb20%\u00bb module_alignment=\u00bbleft\u00bb]<br \/>\n[\/et_pb_divider][et_pb_image src=\u00bbhttps:\/\/www.grupomananes.com\/hosteleria\/wp-content\/uploads\/2020\/04\/Mascarillas-particulares.jpg\u00bb title_text=\u00bbMascarillas particulares\u00bb show_in_lightbox=\u00bbon\u00bb align_tablet=\u00bbcenter\u00bb align_phone=\u00bb\u00bb align_last_edited=\u00bbon|desktop\u00bb module_class=\u00bbgq-module-hover\u00bb _builder_version=\u00bb4.5.6&#8243; animation_style=\u00bbslide\u00bb animation_direction=\u00bbtop\u00bb animation_duration=\u00bb500ms\u00bb animation_intensity_slide=\u00bb10%\u00bb z_index_tablet=\u00bb500&#8243; box_shadow_horizontal_tablet=\u00bb0px\u00bb box_shadow_vertical_tablet=\u00bb0px\u00bb box_shadow_blur_tablet=\u00bb40px\u00bb box_shadow_spread_tablet=\u00bb0px\u00bb use_border_color=\u00bboff\u00bb]<br \/>\n[\/et_pb_image][et_pb_text _builder_version=\u00bb4.5.6&#8243;]<\/p>\n<p>Ver v\u00eddeo explicativo:<\/p>\n<p>[\/et_pb_text][et_pb_video src=\u00bbhttps:\/\/www.youtube.com\/watch?v=rQjr08zfbzQ\u00bb _builder_version=\u00bb4.5.6&#8243; _module_preset=\u00bbdefault\u00bb animation_style=\u00bbzoom\u00bb][\/et_pb_video][\/et_pb_column][\/et_pb_row][\/et_pb_section]<\/p>\n","protected":false},"excerpt":{"rendered":"<p>Covid-19\u00a0Limpiador desinfectante Ficha t\u00e9cnica: Asepvix Incluido\u00a0 listado oficial del Ministerio de Sanidad &nbsp;Gel hidroalcoh\u00f3lico con registros sanitarios Ficha t\u00e9cnica: Vita Asepgel Incluido\u00a0 listado AEMPS M\u00e1s info: https:\/\/n9.cl\/wntw3Desinfecci\u00f3n Virucida Ficha t\u00e9cnica: Desinfectante virucidaMascarillas FFP2 Ficha t\u00e9cnica: Mascarillas FFP2Mascarillas higi\u00e9nicas\u00a0 Ficha t\u00e9cnica: Mascarillas Higi\u00e9nicas 3 capasNo te quedes sin terraza Mascarillas Quir\u00fargicas Negras Ficha t\u00e9cnica: Mascarillas Quir\u00fargicas [&hellip;]<\/p>\n","protected":false},"author":1,"featured_media":0,"parent":0,"menu_order":0,"comment_status":"closed","ping_status":"closed","template":"","meta":{"_et_pb_use_builder":"on","_et_pb_old_content":"","_et_gb_content_width":"","footnotes":""},"class_list":["post-2087","page","type-page","status-publish","hentry"],"_links":{"self":[{"href":"https:\/\/www.grupomananes.com\/hosteleria\/wp-json\/wp\/v2\/pages\/2087","targetHints":{"allow":["GET"]}}],"collection":[{"href":"https:\/\/www.grupomananes.com\/hosteleria\/wp-json\/wp\/v2\/pages"}],"about":[{"href":"https:\/\/www.grupomananes.com\/hosteleria\/wp-json\/wp\/v2\/types\/page"}],"author":[{"embeddable":true,"href":"https:\/\/www.grupomananes.com\/hosteleria\/wp-json\/wp\/v2\/users\/1"}],"replies":[{"embeddable":true,"href":"https:\/\/www.grupomananes.com\/hosteleria\/wp-json\/wp\/v2\/comments?post=2087"}],"version-history":[{"count":2,"href":"https:\/\/www.grupomananes.com\/hosteleria\/wp-json\/wp\/v2\/pages\/2087\/revisions"}],"predecessor-version":[{"id":2533,"href":"https:\/\/www.grupomananes.com\/hosteleria\/wp-json\/wp\/v2\/pages\/2087\/revisions\/2533"}],"wp:attachment":[{"href":"https:\/\/www.grupomananes.com\/hosteleria\/wp-json\/wp\/v2\/media?parent=2087"}],"curies":[{"name":"wp","href":"https:\/\/api.w.org\/{rel}","templated":true}]}}