{"id":492,"date":"2018-05-05T16:00:03","date_gmt":"2018-05-05T16:00:03","guid":{"rendered":"https:\/\/grupomananes.com\/wpl\/?page_id=492"},"modified":"2020-08-07T17:24:20","modified_gmt":"2020-08-07T17:24:20","slug":"mobiliario-de-oficina","status":"publish","type":"page","link":"https:\/\/www.grupomananes.com\/libreria\/mobiliario-de-oficina\/","title":{"rendered":"Mobiliario de oficina"},"content":{"rendered":"<p>[et_pb_section fb_built=\u00bb1&#8243; _builder_version=\u00bb3.22&#8243; custom_padding=\u00bb||1px|\u00bb][et_pb_row _builder_version=\u00bb3.25&#8243; background_size=\u00bbinitial\u00bb background_position=\u00bbtop_left\u00bb background_repeat=\u00bbrepeat\u00bb][et_pb_column type=\u00bb4_4&#8243; _builder_version=\u00bb3.25&#8243; custom_padding=\u00bb|||\u00bb custom_padding__hover=\u00bb|||\u00bb][et_pb_text _builder_version=\u00bb3.27.4&#8243; text_font=\u00bbAdvent Pro||||||||\u00bb text_text_color=\u00bb#1088d3&#8243; text_font_size=\u00bb30px\u00bb text_font_size_tablet=\u00bb\u00bb text_font_size_phone=\u00bb33px\u00bb text_font_size_last_edited=\u00bbon|tablet\u00bb]<span class=\"fs28 cf3 ff1\">Mobiliario de oficina<\/span><br \/>\n[\/et_pb_text][\/et_pb_column][\/et_pb_row][\/et_pb_section][et_pb_section fb_built=\u00bb1&#8243; _builder_version=\u00bb3.22&#8243;][et_pb_row _builder_version=\u00bb3.25&#8243; background_size=\u00bbinitial\u00bb background_position=\u00bbtop_left\u00bb background_repeat=\u00bbrepeat\u00bb][et_pb_column type=\u00bb4_4&#8243; _builder_version=\u00bb3.25&#8243; custom_padding=\u00bb|||\u00bb custom_padding__hover=\u00bb|||\u00bb][et_pb_text _builder_version=\u00bb3.27.4&#8243;]Comercializamos todo tipo de mobiliario para oficina, despachos, mesas de reuni\u00f3n, mostradores, cajoneras, estanter\u00edas, armarios de clasificaci\u00f3n, sill\u00f3n de direcci\u00f3n, sillas confidentes, sillas operativas, m\u00f3dulos y bancadas.<\/p>\n<p>TRANSPORTE Y MONTAJE GRATUITO (supeditado a horarios y rutas establecidas)<br \/>\n[\/et_pb_text][\/et_pb_column][\/et_pb_row][\/et_pb_section][et_pb_section fb_built=\u00bb1&#8243; _builder_version=\u00bb3.22&#8243; custom_padding=\u00bb0|0px|0|0px|false|false\u00bb][et_pb_row use_custom_gutter=\u00bbon\u00bb gutter_width=\u00bb2&#8243; _builder_version=\u00bb3.25&#8243;][et_pb_column type=\u00bb4_4&#8243; _builder_version=\u00bb3.25&#8243; custom_padding=\u00bb|||\u00bb custom_padding__hover=\u00bb|||\u00bb][et_pb_gallery gallery_ids=\u00bb493,496,499,498,501,504,495,511,507,508,500,502,505,531,494,509,497,506,510,512,514,515,516,519,520,521,522,523,524,525,526,527,528,529&#8243; dbdb_version=\u00bb3.2.8&#8243; orientation=\u00bbportrait\u00bb show_title_and_caption=\u00bboff\u00bb _builder_version=\u00bb3.2.1&#8243; border_radii_image=\u00bbon|3px|3px|3px|3px\u00bb border_width_all_image=\u00bb2px\u00bb border_color_all_image=\u00bb#1088d3&#8243;][\/et_pb_gallery][et_pb_image align_tablet=\u00bbcenter\u00bb align_last_edited=\u00bbon|desktop\u00bb _builder_version=\u00bb3.23&#8243;][\/et_pb_image][\/et_pb_column][\/et_pb_row][\/et_pb_section][et_pb_section fb_built=\u00bb1&#8243; _builder_version=\u00bb3.22&#8243; custom_padding=\u00bb0|0px|50px|0px|false|false\u00bb][et_pb_row _builder_version=\u00bb3.25&#8243; background_size=\u00bbinitial\u00bb background_position=\u00bbtop_left\u00bb background_repeat=\u00bbrepeat\u00bb column_structure=\u00bb1_2,1_2&#8243;][et_pb_column type=\u00bb1_2&#8243; _builder_version=\u00bb3.25&#8243; custom_padding=\u00bb|||\u00bb custom_padding__hover=\u00bb|||\u00bb][et_pb_text _builder_version=\u00bb4.5.3&#8243; text_font=\u00bbAdvent Pro||||||||\u00bb text_font_size=\u00bb23px\u00bb hover_enabled=\u00bb0&#8243; text_font_size_tablet=\u00bb30px\u00bb text_font_size_phone=\u00bb\u00bb text_font_size_last_edited=\u00bbon|phone\u00bb]<\/p>\n<p style=\"text-align: center;\">Cat\u00e1logo General\u00a0<\/p>\n<p>[\/et_pb_text][et_pb_divider divider_position=\u00bbcenter\u00bb divider_weight=\u00bb3&#8243; _builder_version=\u00bb3.2.1&#8243; max_width=\u00bb20%\u00bb module_alignment=\u00bbcenter\u00bb][\/et_pb_divider][et_pb_code _builder_version=\u00bb4.5.3&#8243; custom_margin=\u00bb||35px|\u00bb custom_padding=\u00bb||0px|\u00bb hover_enabled=\u00bb0&#8243;]<\/p>\n<div data-configid=\"6553111\/5511012\" style=\"width:100%; height:433px;\" class=\"issuuembed\"><\/div>\n<p><!-- [et_pb_line_break_holder] --><script type=\"text\/javascript\" src=\"\/\/e.issuu.com\/embed.js\" async=\"true\"><\/script>[\/et_pb_code][\/et_pb_column][et_pb_column type=\u00bb1_2&#8243; _builder_version=\u00bb3.25&#8243; custom_padding=\u00bb|||\u00bb custom_padding__hover=\u00bb|||\u00bb][\/et_pb_column][\/et_pb_row][\/et_pb_section]<\/p>\n","protected":false},"excerpt":{"rendered":"<p>Mobiliario de oficina Comercializamos todo tipo de mobiliario para oficina, despachos, mesas de reuni\u00f3n, mostradores, cajoneras, estanter\u00edas, armarios de clasificaci\u00f3n, sill\u00f3n de direcci\u00f3n, sillas confidentes, sillas operativas, m\u00f3dulos y bancadas. TRANSPORTE Y MONTAJE GRATUITO (supeditado a horarios y rutas establecidas) Cat\u00e1logo General\u00a0<\/p>\n","protected":false},"author":1,"featured_media":0,"parent":0,"menu_order":0,"comment_status":"closed","ping_status":"closed","template":"","meta":{"_et_pb_use_builder":"on","_et_pb_old_content":"","_et_gb_content_width":"","footnotes":""},"_links":{"self":[{"href":"https:\/\/www.grupomananes.com\/libreria\/wp-json\/wp\/v2\/pages\/492"}],"collection":[{"href":"https:\/\/www.grupomananes.com\/libreria\/wp-json\/wp\/v2\/pages"}],"about":[{"href":"https:\/\/www.grupomananes.com\/libreria\/wp-json\/wp\/v2\/types\/page"}],"author":[{"embeddable":true,"href":"https:\/\/www.grupomananes.com\/libreria\/wp-json\/wp\/v2\/users\/1"}],"replies":[{"embeddable":true,"href":"https:\/\/www.grupomananes.com\/libreria\/wp-json\/wp\/v2\/comments?post=492"}],"version-history":[{"count":29,"href":"https:\/\/www.grupomananes.com\/libreria\/wp-json\/wp\/v2\/pages\/492\/revisions"}],"predecessor-version":[{"id":1304,"href":"https:\/\/www.grupomananes.com\/libreria\/wp-json\/wp\/v2\/pages\/492\/revisions\/1304"}],"wp:attachment":[{"href":"https:\/\/www.grupomananes.com\/libreria\/wp-json\/wp\/v2\/media?parent=492"}],"curies":[{"name":"wp","href":"https:\/\/api.w.org\/{rel}","templated":true}]}}